{"id":2020,"date":"2024-10-30T14:20:11","date_gmt":"2024-10-30T13:20:11","guid":{"rendered":"https:\/\/www.aceiteseltilo.com\/unser-olivenhain\/"},"modified":"2025-04-23T10:21:40","modified_gmt":"2025-04-23T08:21:40","slug":"unser-olivenhain","status":"publish","type":"page","link":"https:\/\/www.aceiteseltilo.com\/de\/unser-olivenhain\/","title":{"rendered":"UNSER OLIVENHAIN"},"content":{"rendered":"\t\t<div data-elementor-type=\"wp-page\" data-elementor-id=\"2020\" class=\"elementor elementor-2020 elementor-46\" data-elementor-post-type=\"page\">\n\t\t\t\t<div class=\"elementor-element elementor-element-857bc87 e-con-full e-flex e-con e-parent\" data-id=\"857bc87\" data-element_type=\"container\" data-e-type=\"container\">\n\t\t<div class=\"elementor-element elementor-element-1b9f7bf e-con-full e-flex e-con e-child\" data-id=\"1b9f7bf\" data-element_type=\"container\" data-e-type=\"container\" data-settings=\"{&quot;background_background&quot;:&quot;classic&quot;}\">\n\t\t<div class=\"elementor-element elementor-element-dd2d6cb e-con-full e-flex e-con e-child\" data-id=\"dd2d6cb\" data-element_type=\"container\" data-e-type=\"container\">\n\t\t\t\t<div class=\"elementor-element elementor-element-73c357d elementor-invisible elementor-widget elementor-widget-heading\" data-id=\"73c357d\" data-element_type=\"widget\" data-e-type=\"widget\" data-settings=\"{&quot;_animation&quot;:&quot;fadeInUp&quot;}\" data-widget_type=\"heading.default\">\n\t\t\t\t<div class=\"elementor-widget-container\">\n\t\t\t\t\t<h2 class=\"elementor-heading-title elementor-size-default\">\u00d6LE EL TILO<\/h2>\t\t\t\t<\/div>\n\t\t\t\t<\/div>\n\t\t<div class=\"elementor-element elementor-element-98b379b e-con-full e-flex e-con e-child\" data-id=\"98b379b\" data-element_type=\"container\" data-e-type=\"container\">\n\t\t\t\t<div class=\"elementor-element elementor-element-01ddae9 elementor-widget elementor-widget-text-editor\" data-id=\"01ddae9\" data-element_type=\"widget\" data-e-type=\"widget\" data-widget_type=\"text-editor.default\">\n\t\t\t\t<div class=\"elementor-widget-container\">\n\t\t\t\t\t\t\t\t\t<p>Familientradition und Leidenschaft f\u00fcr den Olivenanbau in jedem Tropfen<\/p>\n\t\t\t\t\t\t\t\t<\/div>\n\t\t\t\t<\/div>\n\t\t\t\t<\/div>\n\t\t\t\t<div class=\"elementor-element elementor-element-db7ef16 elementor-widget elementor-widget-text-editor\" data-id=\"db7ef16\" data-element_type=\"widget\" data-e-type=\"widget\" data-widget_type=\"text-editor.default\">\n\t\t\t\t<div class=\"elementor-widget-container\">\n\t\t\t\t\t\t\t\t\t<p>Aceites El Tilo entstand aus der Liebe der Familie Santos D\u00edaz zu den Olivenb\u00e4umen in der Bergkette Villuercas. Im Jahr 2014 erweiterte Jaime Santos den Olivenhain der Familie und gr\u00fcndete zusammen mit seiner Familie die Marke, um sein au\u00dfergew\u00f6hnliches \u00d6l aus der fr\u00fchen Ernte in die Welt zu bringen. <\/p>\n\t\t\t\t\t\t\t\t<\/div>\n\t\t\t\t<\/div>\n\t\t\t\t<\/div>\n\t\t\t\t<\/div>\n\t\t\t\t<\/div>\n\t\t<div class=\"elementor-element elementor-element-f4e0b75 e-flex e-con-boxed e-con e-parent\" data-id=\"f4e0b75\" data-element_type=\"container\" data-e-type=\"container\" data-settings=\"{&quot;background_background&quot;:&quot;classic&quot;}\">\n\t\t\t\t\t<div class=\"e-con-inner\">\n\t\t<div class=\"elementor-element elementor-element-0c9bd9f e-con-full e-flex e-con e-child\" data-id=\"0c9bd9f\" data-element_type=\"container\" data-e-type=\"container\">\n\t\t\t\t<div class=\"elementor-element elementor-element-2d5b93a elementor-invisible elementor-widget elementor-widget-heading\" data-id=\"2d5b93a\" data-element_type=\"widget\" data-e-type=\"widget\" data-settings=\"{&quot;_animation&quot;:&quot;fadeInUp&quot;}\" data-widget_type=\"heading.default\">\n\t\t\t\t<div class=\"elementor-widget-container\">\n\t\t\t\t\t<h2 class=\"elementor-heading-title elementor-size-default\">Geschichte und Engagement<\/h2>\t\t\t\t<\/div>\n\t\t\t\t<\/div>\n\t\t\t\t<div class=\"elementor-element elementor-element-adf4bb1 elementor-widget elementor-widget-text-editor\" data-id=\"adf4bb1\" data-element_type=\"widget\" data-e-type=\"widget\" data-widget_type=\"text-editor.default\">\n\t\t\t\t<div class=\"elementor-widget-container\">\n\t\t\t\t\t\t\t\t\t<p>Aceites el Tilo wurde im Herzen einer bescheidenen Familie geboren, die ihr ganzes Leben der Landwirtschaft und dem Olivenanbau in der Sierra de las Villuercas (C\u00e1ceres) gewidmet hat, wo es eine gro\u00dfe Olivenanbautradition gibt. Die aus ihren Olivenb\u00e4umen gewonnenen \u00d6le vermitteln die ganze Liebe zu dem Land, das die Familie Santos D\u00edaz seit Generationen bewirtschaftet. <\/p>\n<p>Im Jahr 2014 erweiterte Jaime Santos Barroso den urspr\u00fcnglich unbew\u00e4sserten Olivenhain des Familienguts &#8222;El Tilo&#8220; durch die Anpflanzung von 7.000 Olivenb\u00e4umen der Sorte Cornicabra mit einem Tropfbew\u00e4sserungssystem. Kurz darauf beschlossen seine Frau Carmen und seine S\u00f6hne Pablo und Jaime, ihre \u00d6le aus der fr\u00fchen Ernte zu vermarkten und gr\u00fcndeten das Unternehmen &#8222;Aceites El Tilo&#8220; und die gleichnamige Marke. <\/p>\n\t\t\t\t\t\t\t\t<\/div>\n\t\t\t\t<\/div>\n\t\t\t\t<div class=\"elementor-element elementor-element-c183ac8 elementor-align-left elementor-widget elementor-widget-button\" data-id=\"c183ac8\" data-element_type=\"widget\" data-e-type=\"widget\" data-widget_type=\"button.default\">\n\t\t\t\t<div class=\"elementor-widget-container\">\n\t\t\t\t\t\t\t\t\t<div class=\"elementor-button-wrapper\">\n\t\t\t\t\t<a class=\"elementor-button elementor-button-link elementor-size-sm\" href=\"\/de\/der-laden\/\">\n\t\t\t\t\t\t<span class=\"elementor-button-content-wrapper\">\n\t\t\t\t\t\t\t\t\t<span class=\"elementor-button-text\">Unser EVOO<\/span>\n\t\t\t\t\t<\/span>\n\t\t\t\t\t<\/a>\n\t\t\t\t<\/div>\n\t\t\t\t\t\t\t\t<\/div>\n\t\t\t\t<\/div>\n\t\t\t\t<\/div>\n\t\t<div class=\"elementor-element elementor-element-a47ad59 e-con-full e-flex e-con e-child\" data-id=\"a47ad59\" data-element_type=\"container\" data-e-type=\"container\">\n\t\t\t\t<div class=\"elementor-element elementor-element-069350c elementor-widget elementor-widget-image\" data-id=\"069350c\" data-element_type=\"widget\" data-e-type=\"widget\" data-widget_type=\"image.default\">\n\t\t\t\t<div class=\"elementor-widget-container\">\n\t\t\t\t\t\t\t\t\t\t\t\t\t\t\t<img fetchpriority=\"high\" decoding=\"async\" width=\"800\" height=\"800\" src=\"https:\/\/www.aceiteseltilo.com\/wp-content\/uploads\/2024\/10\/nosotros-finca.png\" class=\"attachment-large size-large wp-image-1995\" alt=\"\" srcset=\"https:\/\/www.aceiteseltilo.com\/wp-content\/uploads\/2024\/10\/nosotros-finca.png 810w, https:\/\/www.aceiteseltilo.com\/wp-content\/uploads\/2024\/10\/nosotros-finca-500x500.png 500w, https:\/\/www.aceiteseltilo.com\/wp-content\/uploads\/2024\/10\/nosotros-finca-100x100.png 100w, https:\/\/www.aceiteseltilo.com\/wp-content\/uploads\/2024\/10\/nosotros-finca-600x600.png 600w, https:\/\/www.aceiteseltilo.com\/wp-content\/uploads\/2024\/10\/nosotros-finca-300x300.png 300w, https:\/\/www.aceiteseltilo.com\/wp-content\/uploads\/2024\/10\/nosotros-finca-150x150.png 150w, https:\/\/www.aceiteseltilo.com\/wp-content\/uploads\/2024\/10\/nosotros-finca-768x768.png 768w\" sizes=\"(max-width: 800px) 100vw, 800px\" \/>\t\t\t\t\t\t\t\t\t\t\t\t\t\t\t<\/div>\n\t\t\t\t<\/div>\n\t\t\t\t<div class=\"elementor-element elementor-element-74a9859 elementor-absolute e-transform elementor-widget elementor-widget-image\" data-id=\"74a9859\" data-element_type=\"widget\" data-e-type=\"widget\" data-settings=\"{&quot;_position&quot;:&quot;absolute&quot;,&quot;_transform_translateX_effect&quot;:{&quot;unit&quot;:&quot;px&quot;,&quot;size&quot;:-135,&quot;sizes&quot;:[]},&quot;_transform_translateY_effect&quot;:{&quot;unit&quot;:&quot;px&quot;,&quot;size&quot;:233,&quot;sizes&quot;:[]},&quot;_transform_translateX_effect_mobile&quot;:{&quot;unit&quot;:&quot;px&quot;,&quot;size&quot;:11,&quot;sizes&quot;:[]},&quot;_transform_translateY_effect_mobile&quot;:{&quot;unit&quot;:&quot;px&quot;,&quot;size&quot;:99,&quot;sizes&quot;:[]},&quot;_transform_translateX_effect_tablet&quot;:{&quot;unit&quot;:&quot;px&quot;,&quot;size&quot;:&quot;&quot;,&quot;sizes&quot;:[]},&quot;_transform_translateY_effect_tablet&quot;:{&quot;unit&quot;:&quot;px&quot;,&quot;size&quot;:&quot;&quot;,&quot;sizes&quot;:[]}}\" data-widget_type=\"image.default\">\n\t\t\t\t<div class=\"elementor-widget-container\">\n\t\t\t\t\t\t\t\t\t\t\t\t\t\t\t<img decoding=\"async\" width=\"1\" height=\"1\" src=\"https:\/\/www.aceiteseltilo.com\/wp-content\/uploads\/2024\/11\/Capa_1-5.svg\" class=\"attachment-large size-large wp-image-2022\" alt=\"\" \/>\t\t\t\t\t\t\t\t\t\t\t\t\t\t\t<\/div>\n\t\t\t\t<\/div>\n\t\t\t\t<\/div>\n\t\t\t\t\t<\/div>\n\t\t\t\t<\/div>\n\t\t<div class=\"elementor-element elementor-element-ae3ae4e e-flex e-con-boxed e-con e-parent\" data-id=\"ae3ae4e\" data-element_type=\"container\" data-e-type=\"container\">\n\t\t\t\t\t<div class=\"e-con-inner\">\n\t\t<div class=\"elementor-element elementor-element-790acd6 e-con-full e-flex e-con e-child\" data-id=\"790acd6\" data-element_type=\"container\" data-e-type=\"container\" data-settings=\"{&quot;background_background&quot;:&quot;classic&quot;}\">\n\t\t<div class=\"elementor-element elementor-element-2e164df e-con-full e-flex e-con e-child\" data-id=\"2e164df\" data-element_type=\"container\" data-e-type=\"container\">\n\t\t\t\t<div class=\"elementor-element elementor-element-6bfd127 elementor-invisible elementor-widget elementor-widget-heading\" data-id=\"6bfd127\" data-element_type=\"widget\" data-e-type=\"widget\" data-settings=\"{&quot;_animation&quot;:&quot;fadeInUp&quot;}\" data-widget_type=\"heading.default\">\n\t\t\t\t<div class=\"elementor-widget-container\">\n\t\t\t\t\t<h2 class=\"elementor-heading-title elementor-size-default\">Von GENERATION ZU GENERATION<\/h2>\t\t\t\t<\/div>\n\t\t\t\t<\/div>\n\t\t\t\t<div class=\"elementor-element elementor-element-03aab08 elementor-widget elementor-widget-text-editor\" data-id=\"03aab08\" data-element_type=\"widget\" data-e-type=\"widget\" data-widget_type=\"text-editor.default\">\n\t\t\t\t<div class=\"elementor-widget-container\">\n\t\t\t\t\t\t\t\t\t<p>Das von Generation zu Generation weitergegebene Wissen und die neuen Anbau- und Extraktionstechnologien haben es uns erm\u00f6glicht, sortenreine Cornicabra-\u00d6le von hoher sensorischer Qualit\u00e4t und gro\u00dfen gesundheitlichen Eigenschaften zu gewinnen, die das Ergebnis der einzigartigen und unvergleichlichen nat\u00fcrlichen Umgebung des Villuercas-Gebirges sind, in dem sich unser Weingut befindet.<\/p>\n\t\t\t\t\t\t\t\t<\/div>\n\t\t\t\t<\/div>\n\t\t\t\t<div class=\"elementor-element elementor-element-865c03d elementor-align-center elementor-widget elementor-widget-button\" data-id=\"865c03d\" data-element_type=\"widget\" data-e-type=\"widget\" data-widget_type=\"button.default\">\n\t\t\t\t<div class=\"elementor-widget-container\">\n\t\t\t\t\t\t\t\t\t<div class=\"elementor-button-wrapper\">\n\t\t\t\t\t<a class=\"elementor-button elementor-button-link elementor-size-sm\" href=\"\/de\/der-laden\/\">\n\t\t\t\t\t\t<span class=\"elementor-button-content-wrapper\">\n\t\t\t\t\t\t\t\t\t<span class=\"elementor-button-text\">Unser Shop<\/span>\n\t\t\t\t\t<\/span>\n\t\t\t\t\t<\/a>\n\t\t\t\t<\/div>\n\t\t\t\t\t\t\t\t<\/div>\n\t\t\t\t<\/div>\n\t\t\t\t<\/div>\n\t\t\t\t<\/div>\n\t\t\t\t\t<\/div>\n\t\t\t\t<\/div>\n\t\t\t\t<\/div>\n\t\t","protected":false},"excerpt":{"rendered":"<p>\u00d6LE EL TILO Familientradition und Leidenschaft f\u00fcr den Olivenanbau in jedem Tropfen Aceites El Tilo entstand aus der Liebe der Familie Santos D\u00edaz zu den Olivenb\u00e4umen in der Bergkette Villuercas. Im Jahr 2014 erweiterte Jaime Santos den Olivenhain der Familie und gr\u00fcndete zusammen mit seiner Familie die Marke, um sein au\u00dfergew\u00f6hnliches \u00d6l aus der fr\u00fchen [&hellip;]<\/p>\n","protected":false},"author":1,"featured_media":0,"parent":0,"menu_order":0,"comment_status":"closed","ping_status":"closed","template":"elementor_header_footer","meta":{"footnotes":""},"class_list":["post-2020","page","type-page","status-publish","hentry"],"yoast_head":"<!-- This site is optimized with the Yoast SEO plugin v27.1.1 - https:\/\/yoast.com\/product\/yoast-seo-wordpress\/ -->\n<title>UNSER OLIVENHAIN - Aceites El Tilo<\/title>\n<meta name=\"robots\" content=\"index, follow, max-snippet:-1, max-image-preview:large, max-video-preview:-1\" \/>\n<link rel=\"canonical\" href=\"https:\/\/www.aceiteseltilo.com\/de\/unser-olivenhain\/\" \/>\n<meta property=\"og:locale\" content=\"de_DE\" \/>\n<meta property=\"og:type\" content=\"article\" \/>\n<meta property=\"og:title\" content=\"UNSER OLIVENHAIN - Aceites El Tilo\" \/>\n<meta property=\"og:description\" content=\"\u00d6LE EL TILO Familientradition und Leidenschaft f\u00fcr den Olivenanbau in jedem Tropfen Aceites El Tilo entstand aus der Liebe der Familie Santos D\u00edaz zu den Olivenb\u00e4umen in der Bergkette Villuercas. Im Jahr 2014 erweiterte Jaime Santos den Olivenhain der Familie und gr\u00fcndete zusammen mit seiner Familie die Marke, um sein au\u00dfergew\u00f6hnliches \u00d6l aus der fr\u00fchen [&hellip;]\" \/>\n<meta property=\"og:url\" content=\"https:\/\/www.aceiteseltilo.com\/de\/unser-olivenhain\/\" \/>\n<meta property=\"og:site_name\" content=\"Aceites El Tilo\" \/>\n<meta property=\"article:modified_time\" content=\"2025-04-23T08:21:40+00:00\" \/>\n<meta property=\"og:image\" content=\"https:\/\/www.aceiteseltilo.com\/wp-content\/uploads\/2024\/10\/nosotros-finca.png\" \/>\n<meta name=\"twitter:card\" content=\"summary_large_image\" \/>\n<meta name=\"twitter:label1\" content=\"Gesch\u00e4tzte Lesezeit\" \/>\n\t<meta name=\"twitter:data1\" content=\"2\u00a0Minuten\" \/>\n<script type=\"application\/ld+json\" class=\"yoast-schema-graph\">{\"@context\":\"https:\/\/schema.org\",\"@graph\":[{\"@type\":\"WebPage\",\"@id\":\"https:\/\/www.aceiteseltilo.com\/de\/unser-olivenhain\/\",\"url\":\"https:\/\/www.aceiteseltilo.com\/de\/unser-olivenhain\/\",\"name\":\"UNSER OLIVENHAIN - Aceites El Tilo\",\"isPartOf\":{\"@id\":\"https:\/\/www.aceiteseltilo.com\/#website\"},\"primaryImageOfPage\":{\"@id\":\"https:\/\/www.aceiteseltilo.com\/de\/unser-olivenhain\/#primaryimage\"},\"image\":{\"@id\":\"https:\/\/www.aceiteseltilo.com\/de\/unser-olivenhain\/#primaryimage\"},\"thumbnailUrl\":\"https:\/\/www.aceiteseltilo.com\/wp-content\/uploads\/2024\/10\/nosotros-finca.png\",\"datePublished\":\"2024-10-30T13:20:11+00:00\",\"dateModified\":\"2025-04-23T08:21:40+00:00\",\"breadcrumb\":{\"@id\":\"https:\/\/www.aceiteseltilo.com\/de\/unser-olivenhain\/#breadcrumb\"},\"inLanguage\":\"de\",\"potentialAction\":[{\"@type\":\"ReadAction\",\"target\":[\"https:\/\/www.aceiteseltilo.com\/de\/unser-olivenhain\/\"]}]},{\"@type\":\"ImageObject\",\"inLanguage\":\"de\",\"@id\":\"https:\/\/www.aceiteseltilo.com\/de\/unser-olivenhain\/#primaryimage\",\"url\":\"https:\/\/www.aceiteseltilo.com\/wp-content\/uploads\/2024\/10\/nosotros-finca.png\",\"contentUrl\":\"https:\/\/www.aceiteseltilo.com\/wp-content\/uploads\/2024\/10\/nosotros-finca.png\"},{\"@type\":\"BreadcrumbList\",\"@id\":\"https:\/\/www.aceiteseltilo.com\/de\/unser-olivenhain\/#breadcrumb\",\"itemListElement\":[{\"@type\":\"ListItem\",\"position\":1,\"name\":\"Portada\",\"item\":\"https:\/\/www.aceiteseltilo.com\/de\/\"},{\"@type\":\"ListItem\",\"position\":2,\"name\":\"UNSER OLIVENHAIN\"}]},{\"@type\":\"WebSite\",\"@id\":\"https:\/\/www.aceiteseltilo.com\/#website\",\"url\":\"https:\/\/www.aceiteseltilo.com\/\",\"name\":\"Aceites El Tilo\",\"description\":\"Aceite de oliva virgen extra\",\"publisher\":{\"@id\":\"https:\/\/www.aceiteseltilo.com\/#organization\"},\"potentialAction\":[{\"@type\":\"SearchAction\",\"target\":{\"@type\":\"EntryPoint\",\"urlTemplate\":\"https:\/\/www.aceiteseltilo.com\/?s={search_term_string}\"},\"query-input\":{\"@type\":\"PropertyValueSpecification\",\"valueRequired\":true,\"valueName\":\"search_term_string\"}}],\"inLanguage\":\"de\"},{\"@type\":\"Organization\",\"@id\":\"https:\/\/www.aceiteseltilo.com\/#organization\",\"name\":\"Aceites el Tilo\",\"url\":\"https:\/\/www.aceiteseltilo.com\/\",\"logo\":{\"@type\":\"ImageObject\",\"inLanguage\":\"de\",\"@id\":\"https:\/\/www.aceiteseltilo.com\/#\/schema\/logo\/image\/\",\"url\":\"https:\/\/www.aceiteseltilo.com\/wp-content\/uploads\/2024\/10\/Modo_de_aislamiento-5.svg\",\"contentUrl\":\"https:\/\/www.aceiteseltilo.com\/wp-content\/uploads\/2024\/10\/Modo_de_aislamiento-5.svg\",\"width\":388,\"height\":163,\"caption\":\"Aceites el Tilo\"},\"image\":{\"@id\":\"https:\/\/www.aceiteseltilo.com\/#\/schema\/logo\/image\/\"}}]}<\/script>\n<!-- \/ Yoast SEO plugin. -->","yoast_head_json":{"title":"UNSER OLIVENHAIN - Aceites El Tilo","robots":{"index":"index","follow":"follow","max-snippet":"max-snippet:-1","max-image-preview":"max-image-preview:large","max-video-preview":"max-video-preview:-1"},"canonical":"https:\/\/www.aceiteseltilo.com\/de\/unser-olivenhain\/","og_locale":"de_DE","og_type":"article","og_title":"UNSER OLIVENHAIN - Aceites El Tilo","og_description":"\u00d6LE EL TILO Familientradition und Leidenschaft f\u00fcr den Olivenanbau in jedem Tropfen Aceites El Tilo entstand aus der Liebe der Familie Santos D\u00edaz zu den Olivenb\u00e4umen in der Bergkette Villuercas. Im Jahr 2014 erweiterte Jaime Santos den Olivenhain der Familie und gr\u00fcndete zusammen mit seiner Familie die Marke, um sein au\u00dfergew\u00f6hnliches \u00d6l aus der fr\u00fchen [&hellip;]","og_url":"https:\/\/www.aceiteseltilo.com\/de\/unser-olivenhain\/","og_site_name":"Aceites El Tilo","article_modified_time":"2025-04-23T08:21:40+00:00","og_image":[{"url":"https:\/\/www.aceiteseltilo.com\/wp-content\/uploads\/2024\/10\/nosotros-finca.png","type":"","width":"","height":""}],"twitter_card":"summary_large_image","twitter_misc":{"Gesch\u00e4tzte Lesezeit":"2\u00a0Minuten"},"schema":{"@context":"https:\/\/schema.org","@graph":[{"@type":"WebPage","@id":"https:\/\/www.aceiteseltilo.com\/de\/unser-olivenhain\/","url":"https:\/\/www.aceiteseltilo.com\/de\/unser-olivenhain\/","name":"UNSER OLIVENHAIN - Aceites El Tilo","isPartOf":{"@id":"https:\/\/www.aceiteseltilo.com\/#website"},"primaryImageOfPage":{"@id":"https:\/\/www.aceiteseltilo.com\/de\/unser-olivenhain\/#primaryimage"},"image":{"@id":"https:\/\/www.aceiteseltilo.com\/de\/unser-olivenhain\/#primaryimage"},"thumbnailUrl":"https:\/\/www.aceiteseltilo.com\/wp-content\/uploads\/2024\/10\/nosotros-finca.png","datePublished":"2024-10-30T13:20:11+00:00","dateModified":"2025-04-23T08:21:40+00:00","breadcrumb":{"@id":"https:\/\/www.aceiteseltilo.com\/de\/unser-olivenhain\/#breadcrumb"},"inLanguage":"de","potentialAction":[{"@type":"ReadAction","target":["https:\/\/www.aceiteseltilo.com\/de\/unser-olivenhain\/"]}]},{"@type":"ImageObject","inLanguage":"de","@id":"https:\/\/www.aceiteseltilo.com\/de\/unser-olivenhain\/#primaryimage","url":"https:\/\/www.aceiteseltilo.com\/wp-content\/uploads\/2024\/10\/nosotros-finca.png","contentUrl":"https:\/\/www.aceiteseltilo.com\/wp-content\/uploads\/2024\/10\/nosotros-finca.png"},{"@type":"BreadcrumbList","@id":"https:\/\/www.aceiteseltilo.com\/de\/unser-olivenhain\/#breadcrumb","itemListElement":[{"@type":"ListItem","position":1,"name":"Portada","item":"https:\/\/www.aceiteseltilo.com\/de\/"},{"@type":"ListItem","position":2,"name":"UNSER OLIVENHAIN"}]},{"@type":"WebSite","@id":"https:\/\/www.aceiteseltilo.com\/#website","url":"https:\/\/www.aceiteseltilo.com\/","name":"Aceites El Tilo","description":"Aceite de oliva virgen extra","publisher":{"@id":"https:\/\/www.aceiteseltilo.com\/#organization"},"potentialAction":[{"@type":"SearchAction","target":{"@type":"EntryPoint","urlTemplate":"https:\/\/www.aceiteseltilo.com\/?s={search_term_string}"},"query-input":{"@type":"PropertyValueSpecification","valueRequired":true,"valueName":"search_term_string"}}],"inLanguage":"de"},{"@type":"Organization","@id":"https:\/\/www.aceiteseltilo.com\/#organization","name":"Aceites el Tilo","url":"https:\/\/www.aceiteseltilo.com\/","logo":{"@type":"ImageObject","inLanguage":"de","@id":"https:\/\/www.aceiteseltilo.com\/#\/schema\/logo\/image\/","url":"https:\/\/www.aceiteseltilo.com\/wp-content\/uploads\/2024\/10\/Modo_de_aislamiento-5.svg","contentUrl":"https:\/\/www.aceiteseltilo.com\/wp-content\/uploads\/2024\/10\/Modo_de_aislamiento-5.svg","width":388,"height":163,"caption":"Aceites el Tilo"},"image":{"@id":"https:\/\/www.aceiteseltilo.com\/#\/schema\/logo\/image\/"}}]}},"_links":{"self":[{"href":"https:\/\/www.aceiteseltilo.com\/de\/wp-json\/wp\/v2\/pages\/2020","targetHints":{"allow":["GET"]}}],"collection":[{"href":"https:\/\/www.aceiteseltilo.com\/de\/wp-json\/wp\/v2\/pages"}],"about":[{"href":"https:\/\/www.aceiteseltilo.com\/de\/wp-json\/wp\/v2\/types\/page"}],"author":[{"embeddable":true,"href":"https:\/\/www.aceiteseltilo.com\/de\/wp-json\/wp\/v2\/users\/1"}],"replies":[{"embeddable":true,"href":"https:\/\/www.aceiteseltilo.com\/de\/wp-json\/wp\/v2\/comments?post=2020"}],"version-history":[{"count":4,"href":"https:\/\/www.aceiteseltilo.com\/de\/wp-json\/wp\/v2\/pages\/2020\/revisions"}],"predecessor-version":[{"id":2091,"href":"https:\/\/www.aceiteseltilo.com\/de\/wp-json\/wp\/v2\/pages\/2020\/revisions\/2091"}],"wp:attachment":[{"href":"https:\/\/www.aceiteseltilo.com\/de\/wp-json\/wp\/v2\/media?parent=2020"}],"curies":[{"name":"wp","href":"https:\/\/api.w.org\/{rel}","templated":true}]}}